{"id":2138,"date":"2017-01-02T20:11:30","date_gmt":"2017-01-02T18:11:30","guid":{"rendered":"https:\/\/collegelucieaubrac.blogs.laclasse.com\/?page_id=2138"},"modified":"2019-08-31T11:43:09","modified_gmt":"2019-08-31T09:43:09","slug":"modalites-devaluation","status":"publish","type":"page","link":"https:\/\/collegelucieaubrac.blogs.laclasse.com\/?page_id=2138","title":{"rendered":"Modalit\u00e9s d&#8217;\u00e9valuation"},"content":{"rendered":"<p>Au coll\u00e8ge Lucie Aubrac les \u00e9quipes d&#8217;enseignants et la vie scolaire \u00e9valuent les r\u00e9sultats des \u00e9l\u00e8ves par COMPETENCES.<\/p>\n<h2>Une \u00e9valuation des comp\u00e9tences du socle commun en cours et en fin de cycle (\u00e9duscol)<\/h2>\n<p>La ma\u00eetrise des comp\u00e9tences du socle commun s&#8217;\u00e9value sur la base des <strong>connaissances et comp\u00e9tences fix\u00e9es par les programmes d&#8217;enseignement<\/strong>, permettant une seule et m\u00eame \u00e9valuation des acquis. <strong>Les attendus de fin de cycle pr\u00e9cis\u00e9s dans les programmes<\/strong> donnent aux \u00e9quipes enseignantes, aux \u00e9l\u00e8ves et \u00e0 leurs familles les rep\u00e8res n\u00e9cessaires pour appr\u00e9cier le degr\u00e9 d&#8217;acquisition des connaissances et des comp\u00e9tences ainsi que la progression de chaque \u00e9l\u00e8ve au cours du cycle.<\/p>\n<h2>Une \u00e9valuation en r\u00e9f\u00e9rence aux programmes d&#8217;enseignement<\/h2>\n<p>L&#8217;\u00e9valuation des acquis des \u00e9l\u00e8ves dans les domaines de formation du socle commun se fait en r\u00e9f\u00e9rence aux contenus des programmes d&#8217;enseignement.<\/p>\n<p>Les objectifs de connaissances et de comp\u00e9tences de chaque domaine de formation du socle commun et la contribution de chaque discipline ou enseignement \u00e0 ces domaines sont d\u00e9clin\u00e9s dans les programmes d&#8217;enseignement.<\/p>\n<p>Les acquis des \u00e9l\u00e8ves dans chacun des domaines de formation du socle commun sont \u00e9valu\u00e9s au cours de la scolarit\u00e9 sur la base des connaissances et comp\u00e9tences attendues \u00e0 la fin des cycles 2, 3 et 4, telles qu&#8217;elles sont fix\u00e9es par les programmes d&#8217;enseignement.<\/p>\n<h3>L&#8217;\u00e9valuation porte sur les huit composantes du socle commun<\/h3>\n<p>L&#8217;\u00e9valuation porte sur les quatre composantes du domaine 1 et sur les quatre autres domaines de formation. L&#8217;acquisition et la ma\u00eetrise de chacune des composantes du socle commun sont appr\u00e9ci\u00e9es pour chaque domaine de fa\u00e7on ind\u00e9pendante. Elles ne peuvent donc pas \u00eatre compens\u00e9es par celles d&#8217;un autre domaine.<\/p>\n<p><em>Un cas particulier<\/em>&nbsp;: Les quatre composantes du domaine intitul\u00e9 &#8220;les langages pour penser et communiquer&#8221; ne peuvent pas non plus \u00eatre compens\u00e9es entre elles. Dans ce domaine, l&#8217;\u00e9valuation distingue les composantes&nbsp;: langue fran\u00e7aise\u2009; langues \u00e9trang\u00e8res (et, le cas \u00e9ch\u00e9ant, langues r\u00e9gionales)\u2009; langages math\u00e9matiques, scientifiques et informatiques\u2009; langages des arts et du corps.<\/p>\n<h3>Une \u00e9chelle d&#8217;\u00e9valuation de quatre niveaux<\/h3>\n<p>Le degr\u00e9 de ma\u00eetrise des composantes du socle commun est appr\u00e9ci\u00e9, \u00e0 la fin des cycles d&#8217;enseignement&nbsp; 2, 3 et 4, sur une \u00e9chelle de quatre niveaux&nbsp;<\/p>\n<ul>\n<li style=\"text-align: justify\">le <strong>niveau 1<\/strong> <span style=\"color: #ff0000\"><strong>ROUGE<\/strong> <\/span>&nbsp;de l&#8217;\u00e9chelle (\u00ab\u2009ma\u00eetrise insuffisante\u2009\u00bb) correspond \u00e0 des comp\u00e9tences non acquises au regard du cycle consid\u00e9r\u00e9&nbsp;;<\/li>\n<li>le <strong>niveau 2<\/strong> &nbsp;<strong><span style=\"color: #ffcc00\">JAUNE<\/span><\/strong>&nbsp;<span style=\"color: #ffcc00\">&nbsp;<\/span>(\u00ab\u2009ma\u00eetrise fragile\u2009\u00bb) correspond \u00e0 des savoirs ou des comp\u00e9tences qui doivent encore \u00eatre \u00e9tay\u00e9s&nbsp;;<\/li>\n<li>le<strong>&nbsp;niveau 3<\/strong>&nbsp; <span style=\"color: #00ff00\"><strong>VERT<\/strong><\/span> (\u00ab\u2009ma\u00eetrise satisfaisante\u2009\u00bb) est le niveau attendu en fin de cycle, c&#8217;est lui qui&nbsp;<strong>permet de valider \u00e0 la fin du cycle 4 l&#8217;acquisition du socle commun<\/strong>&nbsp;;<\/li>\n<li>le <strong>niveau 4<\/strong>&nbsp;<strong><span style=\"color: #339966\"> VERT +<\/span><\/strong>(\u00ab\u2009tr\u00e8s bonne ma\u00eetrise\u2009\u00bb) correspond \u00e0 une ma\u00eetrise particuli\u00e8rement affirm\u00e9e de la comp\u00e9tence, qui va au-del\u00e0 des attentes pour le cycle.<\/li>\n<\/ul>\n<p>L&#8217;application promote accessible sur ce site vous renseigne sur les r\u00e9sultas et les progr\u00e8s de votre enfant.<\/p>\n","protected":false},"excerpt":{"rendered":"<p>Au coll\u00e8ge Lucie Aubrac les \u00e9quipes d&#8217;enseignants et la vie scolaire \u00e9valuent les r\u00e9sultats des \u00e9l\u00e8ves par COMPETENCES. Une \u00e9valuation des comp\u00e9tences du socle commun en cours et en fin de cycle (\u00e9duscol) La ma\u00eetrise des comp\u00e9tences du socle commun <a class=\"more-link\" href=\"https:\/\/collegelucieaubrac.blogs.laclasse.com\/?page_id=2138\">Continuer la lecture <span class=\"screen-reader-text\">  Modalit\u00e9s d&#8217;\u00e9valuation<\/span><span class=\"meta-nav\">&rarr;<\/span><\/a><\/p>\n","protected":false},"author":34472,"featured_media":0,"parent":0,"menu_order":8,"comment_status":"closed","ping_status":"closed","template":"","meta":{"ngg_post_thumbnail":0,"footnotes":""},"class_list":["post-2138","page","type-page","status-publish","hentry"],"_links":{"self":[{"href":"https:\/\/collegelucieaubrac.blogs.laclasse.com\/index.php?rest_route=\/wp\/v2\/pages\/2138","targetHints":{"allow":["GET"]}}],"collection":[{"href":"https:\/\/collegelucieaubrac.blogs.laclasse.com\/index.php?rest_route=\/wp\/v2\/pages"}],"about":[{"href":"https:\/\/collegelucieaubrac.blogs.laclasse.com\/index.php?rest_route=\/wp\/v2\/types\/page"}],"author":[{"embeddable":true,"href":"https:\/\/collegelucieaubrac.blogs.laclasse.com\/index.php?rest_route=\/wp\/v2\/users\/34472"}],"replies":[{"embeddable":true,"href":"https:\/\/collegelucieaubrac.blogs.laclasse.com\/index.php?rest_route=%2Fwp%2Fv2%2Fcomments&post=2138"}],"version-history":[{"count":3,"href":"https:\/\/collegelucieaubrac.blogs.laclasse.com\/index.php?rest_route=\/wp\/v2\/pages\/2138\/revisions"}],"predecessor-version":[{"id":2691,"href":"https:\/\/collegelucieaubrac.blogs.laclasse.com\/index.php?rest_route=\/wp\/v2\/pages\/2138\/revisions\/2691"}],"wp:attachment":[{"href":"https:\/\/collegelucieaubrac.blogs.laclasse.com\/index.php?rest_route=%2Fwp%2Fv2%2Fmedia&parent=2138"}],"curies":[{"name":"wp","href":"https:\/\/api.w.org\/{rel}","templated":true}]}}